{"id":1690,"date":"2023-02-14T09:13:45","date_gmt":"2023-02-14T09:13:45","guid":{"rendered":"https:\/\/kecskemetsymphony.com\/?page_id=1690"},"modified":"2023-04-04T08:59:13","modified_gmt":"2023-04-04T08:59:13","slug":"stringfest","status":"publish","type":"page","link":"https:\/\/kecskemetsymphony.com\/index.php\/stringfest\/","title":{"rendered":"STRINGFEST"},"content":{"rendered":"\t\t<div data-elementor-type=\"wp-page\" data-elementor-id=\"1690\" class=\"elementor elementor-1690\">\n\t\t\t\t\t\t<section class=\"elementor-section elementor-top-section elementor-element elementor-element-cbb45d7 elementor-section-boxed elementor-section-height-default elementor-section-height-default\" data-id=\"cbb45d7\" data-element_type=\"section\" data-e-type=\"section\">\n\t\t\t\t\t\t<div class=\"elementor-container elementor-column-gap-default\">\n\t\t\t\t\t<div class=\"elementor-column elementor-col-100 elementor-top-column elementor-element elementor-element-3541567\" data-id=\"3541567\" data-element_type=\"column\" data-e-type=\"column\">\n\t\t\t<div class=\"elementor-widget-wrap elementor-element-populated\">\n\t\t\t\t\t\t<div class=\"elementor-element elementor-element-951eb7b elementor-widget elementor-widget-heading\" data-id=\"951eb7b\" data-element_type=\"widget\" data-e-type=\"widget\" data-widget_type=\"heading.default\">\n\t\t\t\t<div class=\"elementor-widget-container\">\n\t\t\t\t\t<h2 class=\"elementor-heading-title elementor-size-default\">STRINGFEST Kecskem\u00e9t, 2023. \u00e1prilis 24-29.\n<\/h2>\t\t\t\t<\/div>\n\t\t\t\t<\/div>\n\t\t\t\t\t<\/div>\n\t\t<\/div>\n\t\t\t\t\t<\/div>\n\t\t<\/section>\n\t\t\t\t<section class=\"elementor-section elementor-top-section elementor-element elementor-element-23fa34d elementor-section-boxed elementor-section-height-default elementor-section-height-default\" data-id=\"23fa34d\" data-element_type=\"section\" data-e-type=\"section\">\n\t\t\t\t\t\t<div class=\"elementor-container elementor-column-gap-default\">\n\t\t\t\t\t<div class=\"elementor-column elementor-col-100 elementor-top-column elementor-element elementor-element-caadfe3\" data-id=\"caadfe3\" data-element_type=\"column\" data-e-type=\"column\">\n\t\t\t<div class=\"elementor-widget-wrap elementor-element-populated\">\n\t\t\t\t\t\t<div class=\"elementor-element elementor-element-7f86990 elementor-widget elementor-widget-heading\" data-id=\"7f86990\" data-element_type=\"widget\" data-e-type=\"widget\" data-widget_type=\"heading.default\">\n\t\t\t\t<div class=\"elementor-widget-container\">\n\t\t\t\t\t<h2 class=\"elementor-heading-title elementor-size-medium\">Szimfonikus \u00e9s kamarakoncertek, valamint Csell\u00f3 Mesterkurzus Onczay Csab\u00e1val, Onczay Zolt\u00e1nnal \u00e9s a Kecskem\u00e9ti Szimfonikus Zenekar m\u0171v\u00e9szeivel<\/h2>\t\t\t\t<\/div>\n\t\t\t\t<\/div>\n\t\t\t\t<section class=\"elementor-section elementor-inner-section elementor-element elementor-element-596d1e1 elementor-section-boxed elementor-section-height-default elementor-section-height-default\" data-id=\"596d1e1\" data-element_type=\"section\" data-e-type=\"section\">\n\t\t\t\t\t\t<div class=\"elementor-container elementor-column-gap-default\">\n\t\t\t\t\t<div class=\"elementor-column elementor-col-50 elementor-inner-column elementor-element elementor-element-6407a54\" data-id=\"6407a54\" data-element_type=\"column\" data-e-type=\"column\">\n\t\t\t<div class=\"elementor-widget-wrap elementor-element-populated\">\n\t\t\t\t\t\t<div class=\"elementor-element elementor-element-6736eb8 elementor-widget elementor-widget-text-editor\" data-id=\"6736eb8\" data-element_type=\"widget\" data-e-type=\"widget\" data-widget_type=\"text-editor.default\">\n\t\t\t\t<div class=\"elementor-widget-container\">\n\t\t\t\t\t\t\t\t\t<p><strong>KONCERTEK <\/strong><strong>\u00a0<\/strong><\/p><p><strong>\u00c1prilis 24. 19:00 Nyit\u00f3koncert \u2013 H\u00edr\u00f6s Ag\u00f3ra, Sz\u00ednh\u00e1zterem<\/strong><\/p><ul><li>M\u0171sor:<br \/>Barber: Serenade<br \/>Joseph Haydn: D-d\u00far Csell\u00f3verseny<br \/>***<br \/>Antonio Vivaldi: Concerto 2 csell\u00f3ra<br \/>Antonin Dvorak: Von\u00f3sszeren\u00e1d<p>K\u00f6zrem\u0171k\u00f6dik: Kecskem\u00e9ti Szimfonikus Zenekar Karmester: Holl\u00f3k\u0151i Huba, Onczay Zolt\u00e1n (csell\u00f3), Sipos G\u00e1bor Gerg\u0151 (csell\u00f3)<\/p><\/li><\/ul><p><strong>\u00c1prilis 26. 19:00 Kamaraest \u2013 Bar\u00e1tok temploma<\/strong><br \/>Bach, Bart\u00f3k, Kod\u00e1ly<\/p><ul><li><p>M\u0171sor:<br \/>Bart\u00f3k: Du\u00f3k\u00a0<br \/>Fekete Gyula: Duo Antico<br \/>Lendvay Kamill\u00f3: \u00d6t r\u00f6vid kis darab<br \/>Kod\u00e1ly: Intermezzo<br \/>Kod\u00e1ly: Du\u00f3<br \/>K\u00f6zrem\u0171k\u00f6dik: DuOncelly (Onczay Csaba, Onczay Zolt\u00e1n), Ny\u00e1ri G\u00e1bor (br\u00e1csa), Sipos G\u00e1bor Gerg\u0151 (csell\u00f3), Holl\u00f3k\u0151i Huba (heged\u0171)<\/p><\/li><\/ul><p><strong>\u00c1prilis 28. 19:00 CsakCsell\u00f3 &#8211; H\u00edr\u00f6s Ag\u00f3ra, Kod\u00e1ly terem<\/strong><\/p><ul><li>Csell\u00f3m\u0171vek \u00e9s t\u00f6bbcsell\u00f3s \u00e1tiratok a kurzus r\u00e9sztvev\u0151ivel<\/li><\/ul><p><strong>\u00c1prilis 29. 15:00 Z\u00e1r\u00f3koncert &#8211; H\u00edr\u00f6s Ag\u00f3ra, Kod\u00e1ly terem<\/strong><\/p><ul><li>Fell\u00e9pnek a kurzus r\u00e9sztvev\u0151i<\/li><\/ul><p><strong>Jegyek:<\/strong> <a href=\"https:\/\/hirosagora.hu\/\" target=\"_blank\" rel=\"noopener\">https:\/\/hirosagora.hu\/<\/a><\/p>\t\t\t\t\t\t\t\t<\/div>\n\t\t\t\t<\/div>\n\t\t\t\t<div class=\"elementor-element elementor-element-c2f2852 elementor-widget elementor-widget-image\" data-id=\"c2f2852\" data-element_type=\"widget\" data-e-type=\"widget\" data-widget_type=\"image.default\">\n\t\t\t\t<div class=\"elementor-widget-container\">\n\t\t\t\t\t\t\t\t\t\t\t\t\t\t\t<img fetchpriority=\"high\" decoding=\"async\" width=\"1024\" height=\"519\" src=\"https:\/\/kecskemetsymphony.com\/wp-content\/uploads\/2023\/02\/Stringfest-logo-1024x519.jpg\" class=\"attachment-large size-large wp-image-1705\" alt=\"STRINGFEST\" srcset=\"https:\/\/kecskemetsymphony.com\/wp-content\/uploads\/2023\/02\/Stringfest-logo-1024x519.jpg 1024w, https:\/\/kecskemetsymphony.com\/wp-content\/uploads\/2023\/02\/Stringfest-logo-300x152.jpg 300w, https:\/\/kecskemetsymphony.com\/wp-content\/uploads\/2023\/02\/Stringfest-logo-768x390.jpg 768w, https:\/\/kecskemetsymphony.com\/wp-content\/uploads\/2023\/02\/Stringfest-logo-1536x779.jpg 1536w, https:\/\/kecskemetsymphony.com\/wp-content\/uploads\/2023\/02\/Stringfest-logo-2048x1039.jpg 2048w\" sizes=\"(max-width: 1024px) 100vw, 1024px\" \/>\t\t\t\t\t\t\t\t\t\t\t\t\t\t\t<\/div>\n\t\t\t\t<\/div>\n\t\t\t\t\t<\/div>\n\t\t<\/div>\n\t\t\t\t<div class=\"elementor-column elementor-col-50 elementor-inner-column elementor-element elementor-element-7c252df\" data-id=\"7c252df\" data-element_type=\"column\" data-e-type=\"column\">\n\t\t\t<div class=\"elementor-widget-wrap elementor-element-populated\">\n\t\t\t\t\t\t<div class=\"elementor-element elementor-element-785ef37 elementor-widget elementor-widget-text-editor\" data-id=\"785ef37\" data-element_type=\"widget\" data-e-type=\"widget\" data-widget_type=\"text-editor.default\">\n\t\t\t\t<div class=\"elementor-widget-container\">\n\t\t\t\t\t\t\t\t\t<p><strong>CSELL\u00d3 MESTERKURZUS<br \/><\/strong><br \/><strong>\u00c1prilis 24-29, H\u00edr\u00f6s Ag\u00f3ra Kod\u00e1ly terem, Kamaraterem<\/strong><\/p><p><strong>A kurzus tan\u00e1rai<\/strong>:<br \/><strong>Onczay Csaba<\/strong> Kossuth- \u00e9s Liszt-d\u00edjas, \u00c9rdemes M\u0171v\u00e9sz, a Liszt Ferenc Zenem\u0171v\u00e9szeti Egyetem Professzor Emeritusa, gordonkam\u0171v\u00e9sz<br \/><strong>Onczay Zolt\u00e1n<\/strong> Artisjus-d\u00edjas gordonkam\u0171v\u00e9sz, a M\u00c1V Szimfonikus Zenekar \u00e9s a Madrid Soloists sz\u00f3l\u00f3csellist\u00e1ja<\/p><p><strong>F\u00f3kuszban:<\/strong><\/p><ul><li>Bach sz\u00f3l\u00f3szvitjei<\/li><li>Kod\u00e1ly csell\u00f3 m\u0171vei: Sz\u00f3l\u00f3szon\u00e1ta Op.8, Szon\u00e1ta Op.4<\/li><li>Modern magyar csell\u00f3irodalom (pl. Vajda J\u00e1nos, Lendvay Kamill\u00f3, Szokolay S\u00e1ndor, Madar\u00e1sz Iv\u00e1n, Bella M\u00e1t\u00e9, Balogh M\u00e1t\u00e9, Fekete Gyula stb.)<\/li><li>Zenem\u0171vek barokkt\u00f3l a modernig, klasszikust\u00f3l a brazil tang\u00f3ig<\/li><li>Zenekari \u00e1ll\u00e1sok pr\u00f3baj\u00e1t\u00e9kra Haydnt\u00f3l Bart\u00f3kig<\/li><li>Felv\u00e9telik \u00e9s vizsga programok el\u0151k\u00e9sz\u00edt\u00e9se<\/li><\/ul><p><strong>T\u00e9m\u00e1k:<\/strong><\/p><ul><li>Zeneakad\u00e9miai felv\u00e9telihez, versenyanyagokhoz, diplomakoncertekhez szakmai seg\u00edts\u00e9g<\/li><li>Felk\u00e9sz\u00edt\u00e9s az okt\u00f3beri v\u00e1rpalotai Popper David Nemzetk\u00f6zi Csell\u00f3versenyre<\/li><li>A modern csell\u00f3technika (et\u0171d\u00f6k, technikai gyakorlatok, nemzetk\u00f6zi csell\u00f3iskol\u00e1k \u00f6sszehasonl\u00edt\u00e1sa)<\/li><li>Egy\u00e9ni \u00f3r\u00e1k<\/li><li>Csell\u00f3egy\u00fcttes<\/li><\/ul><p>R\u00e9szv\u00e9teli d\u00edj (napi 1 csell\u00f3 \u00f3ra, t\u00f6bbcsell\u00f3s pr\u00f3b\u00e1k, szem\u00e9lyes konzult\u00e1ci\u00f3, koncertbel\u00e9p\u0151k): 65.000, &#8211; Forint<\/p><p>R\u00e9szv\u00e9teli d\u00edj + sz\u00e1ll\u00e1s (1 \u00e1gy k\u00e9t\u00e1gyas szob\u00e1kban, 5 \u00e9jszaka reggelivel): 130.000, &#8211; Forint<\/p><p>Jelentkez\u00e9si hat\u00e1rid\u0151: 2023. \u00e1prilis 7.<\/p><p><strong>Jelentkez\u00e9s \u00e9s tov\u00e1bbi inform\u00e1ci\u00f3:<\/strong> <a href=\"mailto:info@kecskemetiszimfonikusok.hu\">info@kecskemetiszimfonikusok.hu<\/a><\/p>\t\t\t\t\t\t\t\t<\/div>\n\t\t\t\t<\/div>\n\t\t\t\t\t<\/div>\n\t\t<\/div>\n\t\t\t\t\t<\/div>\n\t\t<\/section>\n\t\t\t\t<section class=\"elementor-section elementor-inner-section elementor-element elementor-element-19390d5 elementor-section-boxed elementor-section-height-default elementor-section-height-default\" data-id=\"19390d5\" data-element_type=\"section\" data-e-type=\"section\">\n\t\t\t\t\t\t<div class=\"elementor-container elementor-column-gap-default\">\n\t\t\t\t\t<div class=\"elementor-column elementor-col-50 elementor-inner-column elementor-element elementor-element-67282ff\" data-id=\"67282ff\" data-element_type=\"column\" data-e-type=\"column\">\n\t\t\t<div class=\"elementor-widget-wrap elementor-element-populated\">\n\t\t\t\t\t\t<div class=\"elementor-element elementor-element-47244e1 elementor-widget elementor-widget-image\" data-id=\"47244e1\" data-element_type=\"widget\" data-e-type=\"widget\" data-widget_type=\"image.default\">\n\t\t\t\t<div class=\"elementor-widget-container\">\n\t\t\t\t\t\t\t\t\t\t\t\t\t\t\t<img decoding=\"async\" width=\"768\" height=\"1024\" src=\"https:\/\/kecskemetsymphony.com\/wp-content\/uploads\/2023\/02\/Onczay-Csaba1-768x1024.jpg\" class=\"attachment-large size-large wp-image-1706\" alt=\"\" srcset=\"https:\/\/kecskemetsymphony.com\/wp-content\/uploads\/2023\/02\/Onczay-Csaba1-768x1024.jpg 768w, https:\/\/kecskemetsymphony.com\/wp-content\/uploads\/2023\/02\/Onczay-Csaba1-225x300.jpg 225w, https:\/\/kecskemetsymphony.com\/wp-content\/uploads\/2023\/02\/Onczay-Csaba1-1152x1536.jpg 1152w, https:\/\/kecskemetsymphony.com\/wp-content\/uploads\/2023\/02\/Onczay-Csaba1-1536x2048.jpg 1536w, https:\/\/kecskemetsymphony.com\/wp-content\/uploads\/2023\/02\/Onczay-Csaba1.jpg 1891w\" sizes=\"(max-width: 768px) 100vw, 768px\" \/>\t\t\t\t\t\t\t\t\t\t\t\t\t\t\t<\/div>\n\t\t\t\t<\/div>\n\t\t\t\t\t<\/div>\n\t\t<\/div>\n\t\t\t\t<div class=\"elementor-column elementor-col-50 elementor-inner-column elementor-element elementor-element-08769db\" data-id=\"08769db\" data-element_type=\"column\" data-e-type=\"column\">\n\t\t\t<div class=\"elementor-widget-wrap elementor-element-populated\">\n\t\t\t\t\t\t<div class=\"elementor-element elementor-element-a1ef316 elementor-widget elementor-widget-text-editor\" data-id=\"a1ef316\" data-element_type=\"widget\" data-e-type=\"widget\" data-widget_type=\"text-editor.default\">\n\t\t\t\t<div class=\"elementor-widget-container\">\n\t\t\t\t\t\t\t\t\t<p><strong>Onczay Csab\u00e1t<\/strong> 1993-ban hazai \u00e9s nemzetk\u00f6zi el\u0151ad\u00f3m\u0171v\u00e9szi sikereinek elismer\u00e9sek\u00e9nt Kossuth-d\u00edjjal t\u00fcntett\u00e9k ki. Kod\u00e1ly Sz\u00f3l\u00f3szon\u00e1t\u00e1j\u00e1nak kimagasl\u00f3 interpret\u00e1l\u00e1s\u00e1\u00e9rt 1976-ban Liszt-d\u00edjjal, m\u0171v\u00e9szi \u00e9s el\u0151ad\u00f3i munk\u00e1ss\u00e1g\u00e1\u00e9rt 1986-ban \u00c9rdemes M\u0171v\u00e9sz, 2004-ben Bart\u00f3k-P\u00e1sztory d\u00edjjal jutalmazt\u00e1k, 2008-ban Pro Artibus Artisjus \u00e9remmel ismert\u00e9k el munk\u00e1ss\u00e1g\u00e1t a kort\u00e1rs magyar zene k\u00fclf\u00f6ldi terjeszt\u00e9s\u00e9\u00e9rt, valamint t\u00f6bbsz\u00f6r is megkapta az Artisjus el\u0151ad\u00f3m\u0171v\u00e9szi d\u00edj\u00e1t. A Magyar M\u0171v\u00e9szeti Akad\u00e9mia (MMA) rendes tagja.<\/p><p>1971 \u00f3ta a Liszt Ferenc Zenem\u0171v\u00e9szeti Egyetem tan\u00e1ra, 2017-t\u0151l professzor emeritus. Vend\u00e9gprofesszor volt a Freiburg University of Music-ban, az Oberlin Conservatory-ban \u00e9s a Jacobs School of Music in Indiana University-n Bloomingtonban. 2005-t\u0151l \u00e1lland\u00f3 vend\u00e9gprofesszora az Indiana University Ny\u00e1ri Von\u00f3s Akad\u00e9mi\u00e1j\u00e1nak. 1978 \u00f3ta rendszeresen tart mesterkurzusokat a vil\u00e1gban. Sz\u00f3listak\u00e9nt \u00e9s kamarazen\u00e9szk\u00e9nt is rendszeresen koncertezik Eur\u00f3p\u00e1ban, Amerik\u00e1ban \u00e9s a T\u00e1vol-Keleten.<\/p><p>Sz\u00e1mos r\u00e1di\u00f3- \u00e9s TV-felv\u00e9tele mellett CD-re vette C.P.E. Bach, Schumann, Lalo, Villa Lobos, Dohn\u00e1nyi m\u0171veit, Beethoven \u00f6sszes szon\u00e1t\u00e1j\u00e1t, Bach sz\u00f3l\u00f3szvitjeit \u00e9s sz\u00e1mos csell\u00f3 \u00e9s kamaradarabot is. T\u00f6bb magyar zeneszerz\u0151 (t\u00f6bbek k\u00f6z\u00f6tt: Gy\u00f6ngy\u00f6si Levente, Kocs\u00e1r Mikl\u00f3s, Lendvay Kamill\u00f3, Szokolay S\u00e1ndor) is \u00edrta \u00e9s aj\u00e1nlotta sz\u00e1m\u00e1ra m\u0171veit, sz\u00e1mos kort\u00e1rs m\u0171 magyarorsz\u00e1gi bemutat\u00e1sa f\u0171z\u0151dik nev\u00e9hez.<\/p>\t\t\t\t\t\t\t\t<\/div>\n\t\t\t\t<\/div>\n\t\t\t\t\t<\/div>\n\t\t<\/div>\n\t\t\t\t\t<\/div>\n\t\t<\/section>\n\t\t\t\t<section class=\"elementor-section elementor-inner-section elementor-element elementor-element-7d03f53 elementor-section-boxed elementor-section-height-default elementor-section-height-default\" data-id=\"7d03f53\" data-element_type=\"section\" data-e-type=\"section\">\n\t\t\t\t\t\t<div class=\"elementor-container elementor-column-gap-default\">\n\t\t\t\t\t<div class=\"elementor-column elementor-col-50 elementor-inner-column elementor-element elementor-element-28c0a5f\" data-id=\"28c0a5f\" data-element_type=\"column\" data-e-type=\"column\">\n\t\t\t<div class=\"elementor-widget-wrap elementor-element-populated\">\n\t\t\t\t\t\t<div class=\"elementor-element elementor-element-d531053 elementor-widget elementor-widget-text-editor\" data-id=\"d531053\" data-element_type=\"widget\" data-e-type=\"widget\" data-widget_type=\"text-editor.default\">\n\t\t\t\t<div class=\"elementor-widget-container\">\n\t\t\t\t\t\t\t\t\t<p><strong>Onczay Zolt\u00e1n<\/strong> Artisjus d\u00edjas gordonkam\u0171v\u00e9sz. Budapesten a Liszt Ferenc Zenem\u0171v\u00e9szeti Egyetemen diplom\u00e1zott, majd Berlinben az UdK Egyetemen Hindemith-\u00f6szt\u00f6nd\u00edjask\u00e9nt sz\u00f3lista diplom\u00e1t szerzett. Nemzetk\u00f6zi kurzusokon professzorai voltak Tsuyoshi Tsutsumi, Thomas Demenga, Starker J\u00e1nos.<\/p><p>D\u00edjai k\u00f6z\u00fcl kiemelkedik a Fischer Annie, a Hindemith \u00e9s a Flesch K\u00e1roly \u00f6szt\u00f6nd\u00edjak. A Semmeringi Ny\u00e1ri Akad\u00e9mi\u00e1n Wiener-Klassik \u00e9s Kod\u00e1ly d\u00edjat nyert, valamint d\u00edjazott volt az European Music for Youth nemzetk\u00f6zi versenyen Osl\u00f3ban.<\/p><p>A Claudio Abbado \u00e1ltal vezetett Gustav Mahler Nemzetk\u00f6zi Ifj\u00fas\u00e1gi Zenekarnak h\u00e1rom \u00e9vig volt sz\u00f3l\u00f3 csellist\u00e1ja, ahol t\u00f6bbek k\u00f6z\u00f6tt egy\u00fctt dolgozott Pierre Boulez, Seiji Ozawa, Mariss Jansons, Kent Nagano, Anne Sophie Mutter, Yo-Yo Ma m\u0171v\u00e9szekkel, hangversenyezett Eur\u00f3pa valamennyi nagyv\u00e1ros\u00e1ban, Amerik\u00e1ban \u00e9s D\u00e9l-Amerik\u00e1ban.<\/p><p>2004-2015 k\u00f6z\u00f6tt a Mannheimi Kamarazenekar els\u0151 csellist\u00e1ja, illetve a \u201cTurmsaal\u201d koncertsorozat m\u0171v\u00e9szeti vezet\u0151je volt. A M\u00c1V Szimfonikus Zenekar \u00e9s a Madrid Soloists sz\u00f3lamvezet\u0151je. Alap\u00edt\u00f3 tagja a Fejes M\u0171v\u00e9szeti Akad\u00e9mi\u00e1nak, \u00e9s a b\u00e9csi Morphing Music-nak. Vend\u00e9g sz\u00f3l\u00f3 csellist\u00e1ja a TFO Festival Zenekarnak D\u00e9l-Kore\u00e1ban, \u00e9s rendszeresen j\u00e1tszik az MPO zenekarban Malajzi\u00e1ban. Jap\u00e1nban \u00e9vek \u00f3ta szerepel a Kobayashi Kenicsiro \u00e1ltal vezetett ny\u00e1ri fesztiv\u00e1lon. Sz\u00e1mos komponista \u00edrt m\u00e1r sz\u00e1m\u00e1ra csell\u00f3m\u0171vet. Az idei \u00e9vben Olaszorsz\u00e1g, N\u00e9metorsz\u00e1g, Finnorsz\u00e1g mellett Szingap\u00farban \u00e9s K\u00edn\u00e1ban is fog koncertezni, tan\u00edtani.<\/p>\t\t\t\t\t\t\t\t<\/div>\n\t\t\t\t<\/div>\n\t\t\t\t\t<\/div>\n\t\t<\/div>\n\t\t\t\t<div class=\"elementor-column elementor-col-50 elementor-inner-column elementor-element elementor-element-e52df5d\" data-id=\"e52df5d\" data-element_type=\"column\" data-e-type=\"column\">\n\t\t\t<div class=\"elementor-widget-wrap elementor-element-populated\">\n\t\t\t\t\t\t<div class=\"elementor-element elementor-element-7b3dbc0 elementor-widget elementor-widget-image\" data-id=\"7b3dbc0\" data-element_type=\"widget\" data-e-type=\"widget\" data-widget_type=\"image.default\">\n\t\t\t\t<div class=\"elementor-widget-container\">\n\t\t\t\t\t\t\t\t\t\t\t\t\t\t\t<img decoding=\"async\" width=\"858\" height=\"1024\" src=\"https:\/\/kecskemetsymphony.com\/wp-content\/uploads\/2023\/02\/Zoltan-Onczay1-858x1024.jpg\" class=\"attachment-large size-large wp-image-1707\" alt=\"Onczay Zolt\u00e1n\" srcset=\"https:\/\/kecskemetsymphony.com\/wp-content\/uploads\/2023\/02\/Zoltan-Onczay1-858x1024.jpg 858w, https:\/\/kecskemetsymphony.com\/wp-content\/uploads\/2023\/02\/Zoltan-Onczay1-251x300.jpg 251w, https:\/\/kecskemetsymphony.com\/wp-content\/uploads\/2023\/02\/Zoltan-Onczay1-768x917.jpg 768w, https:\/\/kecskemetsymphony.com\/wp-content\/uploads\/2023\/02\/Zoltan-Onczay1-1287x1536.jpg 1287w, https:\/\/kecskemetsymphony.com\/wp-content\/uploads\/2023\/02\/Zoltan-Onczay1-1716x2048.jpg 1716w\" sizes=\"(max-width: 858px) 100vw, 858px\" \/>\t\t\t\t\t\t\t\t\t\t\t\t\t\t\t<\/div>\n\t\t\t\t<\/div>\n\t\t\t\t\t<\/div>\n\t\t<\/div>\n\t\t\t\t\t<\/div>\n\t\t<\/section>\n\t\t\t\t\t<\/div>\n\t\t<\/div>\n\t\t\t\t\t<\/div>\n\t\t<\/section>\n\t\t\t\t<\/div>\n\t\t","protected":false},"excerpt":{"rendered":"<p>STRINGFEST Kecskem\u00e9t, 2023. \u00e1prilis 24-29. Szimfonikus \u00e9s kamarakoncertek, valamint Csell\u00f3 Mesterkurzus Onczay Csab\u00e1val, Onczay Zolt\u00e1nnal \u00e9s a Kecskem\u00e9ti Szimfonikus Zenekar m\u0171v\u00e9szeivel KONCERTEK \u00a0 \u00c1prilis 24. 19:00 Nyit\u00f3koncert \u2013 H\u00edr\u00f6s Ag\u00f3ra, Sz\u00ednh\u00e1zterem M\u0171sor:Barber: SerenadeJoseph Haydn: D-d\u00far Csell\u00f3verseny***Antonio Vivaldi: Concerto 2 csell\u00f3raAntonin Dvorak: Von\u00f3sszeren\u00e1d K\u00f6zrem\u0171k\u00f6dik: Kecskem\u00e9ti Szimfonikus Zenekar Karmester: Holl\u00f3k\u0151i Huba, Onczay Zolt\u00e1n (csell\u00f3), Sipos G\u00e1bor Gerg\u0151 &#8230; <a title=\"STRINGFEST\" class=\"read-more\" href=\"https:\/\/kecskemetsymphony.com\/index.php\/stringfest\/\" aria-label=\"Read more about STRINGFEST\">Olvass tov\u00e1bb<\/a><\/p>\n","protected":false},"author":1,"featured_media":0,"parent":0,"menu_order":0,"comment_status":"closed","ping_status":"closed","template":"","meta":{"footnotes":""},"class_list":["post-1690","page","type-page","status-publish"],"yoast_head":"<!-- This site is optimized with the Yoast SEO plugin v27.5 - https:\/\/yoast.com\/product\/yoast-seo-wordpress\/ -->\n<title>STRINGFEST - Kecskem\u00e9ti Szimfonikus Zenekar<\/title>\n<meta name=\"robots\" content=\"index, follow, max-snippet:-1, max-image-preview:large, max-video-preview:-1\" \/>\n<link rel=\"canonical\" href=\"https:\/\/kecskemetsymphony.com\/index.php\/stringfest\/\" \/>\n<meta property=\"og:locale\" content=\"hu_HU\" \/>\n<meta property=\"og:type\" content=\"article\" \/>\n<meta property=\"og:title\" content=\"STRINGFEST - Kecskem\u00e9ti Szimfonikus Zenekar\" \/>\n<meta property=\"og:description\" content=\"STRINGFEST Kecskem\u00e9t, 2023. \u00e1prilis 24-29. Szimfonikus \u00e9s kamarakoncertek, valamint Csell\u00f3 Mesterkurzus Onczay Csab\u00e1val, Onczay Zolt\u00e1nnal \u00e9s a Kecskem\u00e9ti Szimfonikus Zenekar m\u0171v\u00e9szeivel KONCERTEK \u00a0 \u00c1prilis 24. 19:00 Nyit\u00f3koncert \u2013 H\u00edr\u00f6s Ag\u00f3ra, Sz\u00ednh\u00e1zterem M\u0171sor:Barber: SerenadeJoseph Haydn: D-d\u00far Csell\u00f3verseny***Antonio Vivaldi: Concerto 2 csell\u00f3raAntonin Dvorak: Von\u00f3sszeren\u00e1d K\u00f6zrem\u0171k\u00f6dik: Kecskem\u00e9ti Szimfonikus Zenekar Karmester: Holl\u00f3k\u0151i Huba, Onczay Zolt\u00e1n (csell\u00f3), Sipos G\u00e1bor Gerg\u0151 ... Olvass tov\u00e1bb\" \/>\n<meta property=\"og:url\" content=\"https:\/\/kecskemetsymphony.com\/index.php\/stringfest\/\" \/>\n<meta property=\"og:site_name\" content=\"Kecskem\u00e9ti Szimfonikus Zenekar\" \/>\n<meta property=\"article:publisher\" content=\"https:\/\/www.facebook.com\/kecskemetiszimfonikuszenekar\" \/>\n<meta property=\"article:modified_time\" content=\"2023-04-04T08:59:13+00:00\" \/>\n<meta property=\"og:image\" content=\"https:\/\/kecskemetsymphony.com\/wp-content\/uploads\/2023\/02\/Stringfest-logo-1024x519.jpg\" \/>\n<meta name=\"twitter:card\" content=\"summary_large_image\" \/>\n<meta name=\"twitter:label1\" content=\"Becs\u00fclt olvas\u00e1si id\u0151\" \/>\n\t<meta name=\"twitter:data1\" content=\"5 perc\" \/>\n<script type=\"application\/ld+json\" class=\"yoast-schema-graph\">{\"@context\":\"https:\\\/\\\/schema.org\",\"@graph\":[{\"@type\":\"WebPage\",\"@id\":\"https:\\\/\\\/kecskemetsymphony.com\\\/index.php\\\/stringfest\\\/\",\"url\":\"https:\\\/\\\/kecskemetsymphony.com\\\/index.php\\\/stringfest\\\/\",\"name\":\"STRINGFEST - Kecskem\u00e9ti Szimfonikus Zenekar\",\"isPartOf\":{\"@id\":\"https:\\\/\\\/kecskemetsymphony.com\\\/#website\"},\"primaryImageOfPage\":{\"@id\":\"https:\\\/\\\/kecskemetsymphony.com\\\/index.php\\\/stringfest\\\/#primaryimage\"},\"image\":{\"@id\":\"https:\\\/\\\/kecskemetsymphony.com\\\/index.php\\\/stringfest\\\/#primaryimage\"},\"thumbnailUrl\":\"https:\\\/\\\/kecskemetsymphony.com\\\/wp-content\\\/uploads\\\/2023\\\/02\\\/Stringfest-logo-1024x519.jpg\",\"datePublished\":\"2023-02-14T09:13:45+00:00\",\"dateModified\":\"2023-04-04T08:59:13+00:00\",\"breadcrumb\":{\"@id\":\"https:\\\/\\\/kecskemetsymphony.com\\\/index.php\\\/stringfest\\\/#breadcrumb\"},\"inLanguage\":\"hu\",\"potentialAction\":[{\"@type\":\"ReadAction\",\"target\":[\"https:\\\/\\\/kecskemetsymphony.com\\\/index.php\\\/stringfest\\\/\"]}]},{\"@type\":\"ImageObject\",\"inLanguage\":\"hu\",\"@id\":\"https:\\\/\\\/kecskemetsymphony.com\\\/index.php\\\/stringfest\\\/#primaryimage\",\"url\":\"https:\\\/\\\/kecskemetsymphony.com\\\/wp-content\\\/uploads\\\/2023\\\/02\\\/Stringfest-logo.jpg\",\"contentUrl\":\"https:\\\/\\\/kecskemetsymphony.com\\\/wp-content\\\/uploads\\\/2023\\\/02\\\/Stringfest-logo.jpg\",\"width\":2289,\"height\":1161,\"caption\":\"STRINGFEST\"},{\"@type\":\"BreadcrumbList\",\"@id\":\"https:\\\/\\\/kecskemetsymphony.com\\\/index.php\\\/stringfest\\\/#breadcrumb\",\"itemListElement\":[{\"@type\":\"ListItem\",\"position\":1,\"name\":\"Home\",\"item\":\"https:\\\/\\\/kecskemetsymphony.com\\\/\"},{\"@type\":\"ListItem\",\"position\":2,\"name\":\"STRINGFEST\"}]},{\"@type\":\"WebSite\",\"@id\":\"https:\\\/\\\/kecskemetsymphony.com\\\/#website\",\"url\":\"https:\\\/\\\/kecskemetsymphony.com\\\/\",\"name\":\"Kecskem\u00e9ti Szimfonikus Zenekar\",\"description\":\"Kecskem\u00e9ti Szimfonikus Zenekar honlapja\",\"publisher\":{\"@id\":\"https:\\\/\\\/kecskemetsymphony.com\\\/#organization\"},\"potentialAction\":[{\"@type\":\"SearchAction\",\"target\":{\"@type\":\"EntryPoint\",\"urlTemplate\":\"https:\\\/\\\/kecskemetsymphony.com\\\/?s={search_term_string}\"},\"query-input\":{\"@type\":\"PropertyValueSpecification\",\"valueRequired\":true,\"valueName\":\"search_term_string\"}}],\"inLanguage\":\"hu\"},{\"@type\":\"Organization\",\"@id\":\"https:\\\/\\\/kecskemetsymphony.com\\\/#organization\",\"name\":\"Kecskem\u00e9ti Szimfonikus Zenekar\",\"url\":\"https:\\\/\\\/kecskemetsymphony.com\\\/\",\"logo\":{\"@type\":\"ImageObject\",\"inLanguage\":\"hu\",\"@id\":\"https:\\\/\\\/kecskemetsymphony.com\\\/#\\\/schema\\\/logo\\\/image\\\/\",\"url\":\"https:\\\/\\\/kecskemetsymphony.com\\\/wp-content\\\/uploads\\\/2022\\\/04\\\/cropped-KS_BRAND_FB_PROFILE_1.jpg\",\"contentUrl\":\"https:\\\/\\\/kecskemetsymphony.com\\\/wp-content\\\/uploads\\\/2022\\\/04\\\/cropped-KS_BRAND_FB_PROFILE_1.jpg\",\"width\":480,\"height\":480,\"caption\":\"Kecskem\u00e9ti Szimfonikus Zenekar\"},\"image\":{\"@id\":\"https:\\\/\\\/kecskemetsymphony.com\\\/#\\\/schema\\\/logo\\\/image\\\/\"},\"sameAs\":[\"https:\\\/\\\/www.facebook.com\\\/kecskemetiszimfonikuszenekar\"]}]}<\/script>\n<!-- \/ Yoast SEO plugin. -->","yoast_head_json":{"title":"STRINGFEST - Kecskem\u00e9ti Szimfonikus Zenekar","robots":{"index":"index","follow":"follow","max-snippet":"max-snippet:-1","max-image-preview":"max-image-preview:large","max-video-preview":"max-video-preview:-1"},"canonical":"https:\/\/kecskemetsymphony.com\/index.php\/stringfest\/","og_locale":"hu_HU","og_type":"article","og_title":"STRINGFEST - Kecskem\u00e9ti Szimfonikus Zenekar","og_description":"STRINGFEST Kecskem\u00e9t, 2023. \u00e1prilis 24-29. Szimfonikus \u00e9s kamarakoncertek, valamint Csell\u00f3 Mesterkurzus Onczay Csab\u00e1val, Onczay Zolt\u00e1nnal \u00e9s a Kecskem\u00e9ti Szimfonikus Zenekar m\u0171v\u00e9szeivel KONCERTEK \u00a0 \u00c1prilis 24. 19:00 Nyit\u00f3koncert \u2013 H\u00edr\u00f6s Ag\u00f3ra, Sz\u00ednh\u00e1zterem M\u0171sor:Barber: SerenadeJoseph Haydn: D-d\u00far Csell\u00f3verseny***Antonio Vivaldi: Concerto 2 csell\u00f3raAntonin Dvorak: Von\u00f3sszeren\u00e1d K\u00f6zrem\u0171k\u00f6dik: Kecskem\u00e9ti Szimfonikus Zenekar Karmester: Holl\u00f3k\u0151i Huba, Onczay Zolt\u00e1n (csell\u00f3), Sipos G\u00e1bor Gerg\u0151 ... Olvass tov\u00e1bb","og_url":"https:\/\/kecskemetsymphony.com\/index.php\/stringfest\/","og_site_name":"Kecskem\u00e9ti Szimfonikus Zenekar","article_publisher":"https:\/\/www.facebook.com\/kecskemetiszimfonikuszenekar","article_modified_time":"2023-04-04T08:59:13+00:00","og_image":[{"url":"https:\/\/kecskemetsymphony.com\/wp-content\/uploads\/2023\/02\/Stringfest-logo-1024x519.jpg","type":"","width":"","height":""}],"twitter_card":"summary_large_image","twitter_misc":{"Becs\u00fclt olvas\u00e1si id\u0151":"5 perc"},"schema":{"@context":"https:\/\/schema.org","@graph":[{"@type":"WebPage","@id":"https:\/\/kecskemetsymphony.com\/index.php\/stringfest\/","url":"https:\/\/kecskemetsymphony.com\/index.php\/stringfest\/","name":"STRINGFEST - Kecskem\u00e9ti Szimfonikus Zenekar","isPartOf":{"@id":"https:\/\/kecskemetsymphony.com\/#website"},"primaryImageOfPage":{"@id":"https:\/\/kecskemetsymphony.com\/index.php\/stringfest\/#primaryimage"},"image":{"@id":"https:\/\/kecskemetsymphony.com\/index.php\/stringfest\/#primaryimage"},"thumbnailUrl":"https:\/\/kecskemetsymphony.com\/wp-content\/uploads\/2023\/02\/Stringfest-logo-1024x519.jpg","datePublished":"2023-02-14T09:13:45+00:00","dateModified":"2023-04-04T08:59:13+00:00","breadcrumb":{"@id":"https:\/\/kecskemetsymphony.com\/index.php\/stringfest\/#breadcrumb"},"inLanguage":"hu","potentialAction":[{"@type":"ReadAction","target":["https:\/\/kecskemetsymphony.com\/index.php\/stringfest\/"]}]},{"@type":"ImageObject","inLanguage":"hu","@id":"https:\/\/kecskemetsymphony.com\/index.php\/stringfest\/#primaryimage","url":"https:\/\/kecskemetsymphony.com\/wp-content\/uploads\/2023\/02\/Stringfest-logo.jpg","contentUrl":"https:\/\/kecskemetsymphony.com\/wp-content\/uploads\/2023\/02\/Stringfest-logo.jpg","width":2289,"height":1161,"caption":"STRINGFEST"},{"@type":"BreadcrumbList","@id":"https:\/\/kecskemetsymphony.com\/index.php\/stringfest\/#breadcrumb","itemListElement":[{"@type":"ListItem","position":1,"name":"Home","item":"https:\/\/kecskemetsymphony.com\/"},{"@type":"ListItem","position":2,"name":"STRINGFEST"}]},{"@type":"WebSite","@id":"https:\/\/kecskemetsymphony.com\/#website","url":"https:\/\/kecskemetsymphony.com\/","name":"Kecskem\u00e9ti Szimfonikus Zenekar","description":"Kecskem\u00e9ti Szimfonikus Zenekar honlapja","publisher":{"@id":"https:\/\/kecskemetsymphony.com\/#organization"},"potentialAction":[{"@type":"SearchAction","target":{"@type":"EntryPoint","urlTemplate":"https:\/\/kecskemetsymphony.com\/?s={search_term_string}"},"query-input":{"@type":"PropertyValueSpecification","valueRequired":true,"valueName":"search_term_string"}}],"inLanguage":"hu"},{"@type":"Organization","@id":"https:\/\/kecskemetsymphony.com\/#organization","name":"Kecskem\u00e9ti Szimfonikus Zenekar","url":"https:\/\/kecskemetsymphony.com\/","logo":{"@type":"ImageObject","inLanguage":"hu","@id":"https:\/\/kecskemetsymphony.com\/#\/schema\/logo\/image\/","url":"https:\/\/kecskemetsymphony.com\/wp-content\/uploads\/2022\/04\/cropped-KS_BRAND_FB_PROFILE_1.jpg","contentUrl":"https:\/\/kecskemetsymphony.com\/wp-content\/uploads\/2022\/04\/cropped-KS_BRAND_FB_PROFILE_1.jpg","width":480,"height":480,"caption":"Kecskem\u00e9ti Szimfonikus Zenekar"},"image":{"@id":"https:\/\/kecskemetsymphony.com\/#\/schema\/logo\/image\/"},"sameAs":["https:\/\/www.facebook.com\/kecskemetiszimfonikuszenekar"]}]}},"_links":{"self":[{"href":"https:\/\/kecskemetsymphony.com\/index.php\/wp-json\/wp\/v2\/pages\/1690","targetHints":{"allow":["GET"]}}],"collection":[{"href":"https:\/\/kecskemetsymphony.com\/index.php\/wp-json\/wp\/v2\/pages"}],"about":[{"href":"https:\/\/kecskemetsymphony.com\/index.php\/wp-json\/wp\/v2\/types\/page"}],"author":[{"embeddable":true,"href":"https:\/\/kecskemetsymphony.com\/index.php\/wp-json\/wp\/v2\/users\/1"}],"replies":[{"embeddable":true,"href":"https:\/\/kecskemetsymphony.com\/index.php\/wp-json\/wp\/v2\/comments?post=1690"}],"version-history":[{"count":76,"href":"https:\/\/kecskemetsymphony.com\/index.php\/wp-json\/wp\/v2\/pages\/1690\/revisions"}],"predecessor-version":[{"id":2092,"href":"https:\/\/kecskemetsymphony.com\/index.php\/wp-json\/wp\/v2\/pages\/1690\/revisions\/2092"}],"wp:attachment":[{"href":"https:\/\/kecskemetsymphony.com\/index.php\/wp-json\/wp\/v2\/media?parent=1690"}],"curies":[{"name":"wp","href":"https:\/\/api.w.org\/{rel}","templated":true}]}}